{"id":1333,"date":"2019-07-21T20:46:14","date_gmt":"2019-07-21T18:46:14","guid":{"rendered":"http:\/\/agil-expertise.com\/?page_id=1333"},"modified":"2021-01-15T11:46:27","modified_gmt":"2021-01-15T10:46:27","slug":"pole-dj","status":"publish","type":"page","link":"https:\/\/agil-expertise.com\/index.php\/pole-dj\/","title":{"rendered":"P\u00f4le Direction Juridique"},"content":{"rendered":"<p>[et_pb_section fb_built=\u00a0\u00bb1&Prime; fullwidth=\u00a0\u00bbon\u00a0\u00bb _builder_version=\u00a0\u00bb3.22&Prime; custom_padding=\u00a0\u00bb0px|0px|0px|0px\u00a0\u00bb][et_pb_fullwidth_image src=\u00a0\u00bbhttps:\/\/agil-expertise.com\/wp-content\/uploads\/2019\/07\/cup-of-coffee-1280537_1920.jpg\u00a0\u00bb _builder_version=\u00a0\u00bb3.0.72&Prime; animation_style=\u00a0\u00bbslide\u00a0\u00bb animation_direction=\u00a0\u00bbleft\u00a0\u00bb animation_duration=\u00a0\u00bb500ms\u00a0\u00bb animation_intensity_slide=\u00a0\u00bb10%\u00a0\u00bb][\/et_pb_fullwidth_image][\/et_pb_section][et_pb_section fb_built=\u00a0\u00bb1&Prime; admin_label=\u00a0\u00bbsection\u00a0\u00bb _builder_version=\u00a0\u00bb3.22&Prime; custom_padding=\u00a0\u00bb0px|0px|54px|0px\u00a0\u00bb][et_pb_row admin_label=\u00a0\u00bbrow\u00a0\u00bb module_class=\u00a0\u00bb et_pb_row_fullwidth\u00a0\u00bb _builder_version=\u00a0\u00bb3.25&Prime; background_size=\u00a0\u00bbinitial\u00a0\u00bb background_position=\u00a0\u00bbtop_left\u00a0\u00bb background_repeat=\u00a0\u00bbrepeat\u00a0\u00bb width=\u00a0\u00bb89%\u00a0\u00bb width_tablet=\u00a0\u00bb80%\u00a0\u00bb width_phone=\u00a0\u00bb\u00a0\u00bb width_last_edited=\u00a0\u00bbon|desktop\u00a0\u00bb max_width=\u00a0\u00bb89%\u00a0\u00bb max_width_tablet=\u00a0\u00bb80%\u00a0\u00bb max_width_phone=\u00a0\u00bb\u00a0\u00bb max_width_last_edited=\u00a0\u00bbon|desktop\u00a0\u00bb custom_padding=\u00a0\u00bb0px|0px|0px|0px\u00a0\u00bb make_fullwidth=\u00a0\u00bbon\u00a0\u00bb][et_pb_column type=\u00a0\u00bb4_4&Prime; _builder_version=\u00a0\u00bb3.25&Prime; custom_padding=\u00a0\u00bb|||\u00a0\u00bb custom_padding__hover=\u00a0\u00bb|||\u00a0\u00bb][et_pb_divider show_divider=\u00a0\u00bboff\u00a0\u00bb disabled_on=\u00a0\u00bbon|on|off\u00a0\u00bb _builder_version=\u00a0\u00bb3.26.3&Prime;][\/et_pb_divider][et_pb_text _builder_version=\u00a0\u00bb3.27.4&Prime; background_size=\u00a0\u00bbinitial\u00a0\u00bb background_position=\u00a0\u00bbtop_left\u00a0\u00bb background_repeat=\u00a0\u00bbrepeat\u00a0\u00bb]<\/p>\n<p class=\"\"><span style=\"font-size: x-large; color: #ff6600;\">P\u00f4le Direction Juridique<\/span><\/p>\n<p>&nbsp;<\/p>\n<p><span style=\"font-size: large;\"><\/span><\/p>\n<p style=\"text-align: justify;\"><span style=\"font-size: large;\"><span style=\"color: #ff6600;\">AGIL&rsquo;EXPERTISE<\/span> se compose d&rsquo;un ensemble de consultants exp\u00e9riment\u00e9s et op\u00e9rationnels permettant de traiter des projets transverses, en gommant les antagonistes m\u00e9tiers.<\/span><\/p>\n<p>&nbsp;<\/p>\n<p style=\"text-align: justify;\"><span style=\"font-size: large;\"><a href=\"https:\/\/agil-expertise.com\/index.php\/nos-experts\/\"><span style=\"color: #ff6600;\">Pierre-Alexandre BESSON<\/span> <\/a>anime le p\u00f4le Direction Juridique. Fort d&rsquo;une exp\u00e9rience de 20 ans dans le droit des affaires et le management d&rsquo;\u00e9quipes ou de projets, il est l&rsquo;interface indispensable entre les conseils externes (avocats, notaires, experts comptables,&#8230;) et la mise en place personnalis\u00e9e et op\u00e9rationnelle des solutions.<br \/><\/span><\/p>\n<p>[\/et_pb_text][\/et_pb_column][\/et_pb_row][et_pb_row column_structure=\u00a0\u00bb1_2,1_2&Prime; _builder_version=\u00a0\u00bb3.25&Prime; background_size=\u00a0\u00bbinitial\u00a0\u00bb background_position=\u00a0\u00bbtop_left\u00a0\u00bb background_repeat=\u00a0\u00bbrepeat\u00a0\u00bb][et_pb_column type=\u00a0\u00bb1_2&Prime; _builder_version=\u00a0\u00bb3.25&Prime; custom_padding=\u00a0\u00bb|||\u00a0\u00bb custom_padding__hover=\u00a0\u00bb|||\u00a0\u00bb][et_pb_image src=\u00a0\u00bbhttps:\/\/agil-expertise.com\/wp-content\/uploads\/2017\/06\/business-962355_1920-1.jpg\u00a0\u00bb align_tablet=\u00a0\u00bbcenter\u00a0\u00bb align_phone=\u00a0\u00bb\u00a0\u00bb align_last_edited=\u00a0\u00bbon|desktop\u00a0\u00bb _builder_version=\u00a0\u00bb3.26.3&Prime; animation_style=\u00a0\u00bbslide\u00a0\u00bb animation_direction=\u00a0\u00bbleft\u00a0\u00bb animation_duration=\u00a0\u00bb500ms\u00a0\u00bb animation_intensity_slide=\u00a0\u00bb10%\u00a0\u00bb][\/et_pb_image][\/et_pb_column][et_pb_column type=\u00a0\u00bb1_2&Prime; _builder_version=\u00a0\u00bb3.25&Prime; custom_padding=\u00a0\u00bb|||\u00a0\u00bb custom_padding__hover=\u00a0\u00bb|||\u00a0\u00bb][et_pb_text _builder_version=\u00a0\u00bb3.27.4&Prime; background_size=\u00a0\u00bbinitial\u00a0\u00bb background_position=\u00a0\u00bbtop_left\u00a0\u00bb background_repeat=\u00a0\u00bbrepeat\u00a0\u00bb]<\/p>\n<p style=\"text-align: justify;\"><span style=\"text-decoration: underline; color: #ff6600; font-size: large;\">Direction et organisation du Service Juridique<br \/><\/span><\/p>\n<p style=\"text-align: justify;\"><span style=\"text-decoration: underline; color: #ff6600; font-size: large;\">Gestion des risques \/ Gouvernance \/ Strat\u00e9gie <\/span><\/p>\n<p style=\"text-align: justify;\"><span style=\"text-decoration: underline; color: #ff6600; font-size: large;\">Assistance \u00e0 Maitrise d\u2019Ouvrage (AMOA) \/ Projets<\/span><\/p>\n<p style=\"text-align: justify;\">En fonction de vos besoins, nous proposons un accompagnement juridique op\u00e9rationnel, toujours en lien avec vos objectifs.<\/p>\n<p class=\"\" style=\"text-align: justify;\">La recherche de valeurs est constante dans la gestion de nos projets.<\/p>\n<p class=\"\" style=\"text-align: justify;\">Quelques exemples de projets men\u00e9s :<\/p>\n<p class=\"\" style=\"text-align: justify;\">D\u00e9l\u00e9gation de la direction du service juridique\u00a0 \/ Audit et management des risques \/ Assistance \u00e0 la r\u00e9daction de contrats \/ Fournitures de mod\u00e8les d&rsquo;actes \/ Accompagnement dans les op\u00e9rations de haut de bilan \/ Formalit\u00e9s juridiques pour les soci\u00e9t\u00e9s (AGO ou AGE) \/ Accompagnement dans les op\u00e9rations de fusion et acquisition \/ Plan de gestion de crise<\/p>\n<p>[\/et_pb_text][\/et_pb_column][\/et_pb_row][et_pb_row column_structure=\u00a0\u00bb1_2,1_2&Prime; _builder_version=\u00a0\u00bb3.25&Prime; background_size=\u00a0\u00bbinitial\u00a0\u00bb background_position=\u00a0\u00bbtop_left\u00a0\u00bb background_repeat=\u00a0\u00bbrepeat\u00a0\u00bb][et_pb_column type=\u00a0\u00bb1_2&Prime; _builder_version=\u00a0\u00bb3.25&Prime; custom_padding=\u00a0\u00bb|||\u00a0\u00bb custom_padding__hover=\u00a0\u00bb|||\u00a0\u00bb][et_pb_image src=\u00a0\u00bbhttps:\/\/agil-expertise.com\/wp-content\/uploads\/2019\/07\/europe-3256079_1920.jpg\u00a0\u00bb align_tablet=\u00a0\u00bbcenter\u00a0\u00bb align_phone=\u00a0\u00bb\u00a0\u00bb align_last_edited=\u00a0\u00bbon|desktop\u00a0\u00bb _builder_version=\u00a0\u00bb3.23&Prime; animation_style=\u00a0\u00bbslide\u00a0\u00bb animation_direction=\u00a0\u00bbleft\u00a0\u00bb animation_duration=\u00a0\u00bb500ms\u00a0\u00bb animation_intensity_slide=\u00a0\u00bb10%\u00a0\u00bb][\/et_pb_image][\/et_pb_column][et_pb_column type=\u00a0\u00bb1_2&Prime; _builder_version=\u00a0\u00bb3.25&Prime; custom_padding=\u00a0\u00bb|||\u00a0\u00bb custom_padding__hover=\u00a0\u00bb|||\u00a0\u00bb][et_pb_text _builder_version=\u00a0\u00bb3.27.4&Prime; background_size=\u00a0\u00bbinitial\u00a0\u00bb background_position=\u00a0\u00bbtop_left\u00a0\u00bb background_repeat=\u00a0\u00bbrepeat\u00a0\u00bb custom_padding=\u00a0\u00bb||0px|||\u00a0\u00bb]<\/p>\n<p style=\"text-align: justify;\"><span style=\"text-decoration: underline;\">RGPD \/ GPDR :<\/span> Le r\u00e8glement (UE) 2016\/679 du Parlement europ\u00e9en et du Conseil du 27 avril 2016 est applicable depuis le 25 mai 2018\u00a0<\/p>\n<p style=\"text-align: justify;\"><span style=\"text-decoration: underline;\">Audit \/ Accompagnement :<\/span> V\u00e9rifiez si vos documents, processus et pratiques sont en conformit\u00e9 avec cette r\u00e9glementation applicable au traitement de donn\u00e9es \u00e0 caract\u00e8re personnel.<\/p>\n<p style=\"text-align: justify;\"><span style=\"text-decoration: underline;\">Optimisation en valeur :<\/span> Profitez de cette nouvelle r\u00e9glementation pour adopter de bonnes pratiques et optimiser les processus internes \u00e0 votre organisation.<\/p>\n<p>[\/et_pb_text][\/et_pb_column][\/et_pb_row][et_pb_row column_structure=\u00a0\u00bb1_2,1_2&Prime; _builder_version=\u00a0\u00bb3.25&Prime; background_size=\u00a0\u00bbinitial\u00a0\u00bb background_position=\u00a0\u00bbtop_left\u00a0\u00bb background_repeat=\u00a0\u00bbrepeat\u00a0\u00bb][et_pb_column type=\u00a0\u00bb1_2&Prime; _builder_version=\u00a0\u00bb3.25&Prime; custom_padding=\u00a0\u00bb|||\u00a0\u00bb custom_padding__hover=\u00a0\u00bb|||\u00a0\u00bb][et_pb_image src=\u00a0\u00bbhttps:\/\/agil-expertise.com\/wp-content\/uploads\/2019\/07\/adult-education-583693_1920.jpg\u00a0\u00bb align_tablet=\u00a0\u00bbcenter\u00a0\u00bb align_phone=\u00a0\u00bb\u00a0\u00bb align_last_edited=\u00a0\u00bbon|desktop\u00a0\u00bb _builder_version=\u00a0\u00bb3.23&Prime; animation_style=\u00a0\u00bbslide\u00a0\u00bb animation_direction=\u00a0\u00bbleft\u00a0\u00bb animation_duration=\u00a0\u00bb500ms\u00a0\u00bb animation_intensity_slide=\u00a0\u00bb10%\u00a0\u00bb][\/et_pb_image][\/et_pb_column][et_pb_column type=\u00a0\u00bb1_2&Prime; _builder_version=\u00a0\u00bb3.25&Prime; custom_padding=\u00a0\u00bb|||\u00a0\u00bb custom_padding__hover=\u00a0\u00bb|||\u00a0\u00bb][et_pb_text _builder_version=\u00a0\u00bb3.27.4&Prime; background_size=\u00a0\u00bbinitial\u00a0\u00bb background_position=\u00a0\u00bbtop_left\u00a0\u00bb background_repeat=\u00a0\u00bbrepeat\u00a0\u00bb]<span style=\"text-decoration: underline;\">Formations Techniques.<\/span><\/p>\n<p>Nous intervenons aupr\u00e8s d&rsquo;universit\u00e9 et d&rsquo;\u00e9coles \u00e0 partir du Master.<\/p>\n<p>Consultez-nous pour des sujets.[\/et_pb_text][\/et_pb_column][\/et_pb_row][et_pb_row column_structure=\u00a0\u00bb1_2,1_2&Prime; _builder_version=\u00a0\u00bb4.0.7&Prime;][et_pb_column type=\u00a0\u00bb1_2&Prime; _builder_version=\u00a0\u00bb4.0.7&Prime;][et_pb_social_media_follow follow_button=\u00a0\u00bbon\u00a0\u00bb admin_label=\u00a0\u00bbhttps:\/\/www.linkedin.com\/in\/pierrealexbesson\/\u00a0\u00bb _builder_version=\u00a0\u00bb4.0.7&Prime; background_color=\u00a0\u00bb#ffffff\u00a0\u00bb custom_padding=\u00a0\u00bb||0px|||\u00a0\u00bb][et_pb_social_media_follow_network social_network=\u00a0\u00bblinkedin\u00a0\u00bb url=\u00a0\u00bbhttp:\/\/www.linkedin.com\/in\/pierrealexbesson\u00a0\u00bb _builder_version=\u00a0\u00bb4.0.7&Prime; background_color=\u00a0\u00bb#007bb6&Prime; follow_button=\u00a0\u00bbon\u00a0\u00bb url_new_window=\u00a0\u00bbon\u00a0\u00bb]linkedin[\/et_pb_social_media_follow_network][\/et_pb_social_media_follow][\/et_pb_column][et_pb_column type=\u00a0\u00bb1_2&Prime; _builder_version=\u00a0\u00bb4.0.7&Prime;][\/et_pb_column][\/et_pb_row][\/et_pb_section]<\/p>\n","protected":false},"excerpt":{"rendered":"<p>P\u00f4le Direction Juridique &nbsp; AGIL&rsquo;EXPERTISE se compose d&rsquo;un ensemble de consultants exp\u00e9riment\u00e9s et op\u00e9rationnels permettant de traiter des projets transverses, en gommant les antagonistes m\u00e9tiers. &nbsp; Pierre-Alexandre BESSON anime le p\u00f4le Direction Juridique. Fort d&rsquo;une exp\u00e9rience de 20 ans dans le droit des affaires et le management d&rsquo;\u00e9quipes ou de projets, il est l&rsquo;interface indispensable [&hellip;]<\/p>\n","protected":false},"author":1,"featured_media":0,"parent":0,"menu_order":0,"comment_status":"closed","ping_status":"closed","template":"","meta":{"_et_pb_use_builder":"on","_et_pb_old_content":"","_et_gb_content_width":"","footnotes":""},"class_list":["post-1333","page","type-page","status-publish","hentry"],"_links":{"self":[{"href":"https:\/\/agil-expertise.com\/index.php\/wp-json\/wp\/v2\/pages\/1333","targetHints":{"allow":["GET"]}}],"collection":[{"href":"https:\/\/agil-expertise.com\/index.php\/wp-json\/wp\/v2\/pages"}],"about":[{"href":"https:\/\/agil-expertise.com\/index.php\/wp-json\/wp\/v2\/types\/page"}],"author":[{"embeddable":true,"href":"https:\/\/agil-expertise.com\/index.php\/wp-json\/wp\/v2\/users\/1"}],"replies":[{"embeddable":true,"href":"https:\/\/agil-expertise.com\/index.php\/wp-json\/wp\/v2\/comments?post=1333"}],"version-history":[{"count":23,"href":"https:\/\/agil-expertise.com\/index.php\/wp-json\/wp\/v2\/pages\/1333\/revisions"}],"predecessor-version":[{"id":1446,"href":"https:\/\/agil-expertise.com\/index.php\/wp-json\/wp\/v2\/pages\/1333\/revisions\/1446"}],"wp:attachment":[{"href":"https:\/\/agil-expertise.com\/index.php\/wp-json\/wp\/v2\/media?parent=1333"}],"curies":[{"name":"wp","href":"https:\/\/api.w.org\/{rel}","templated":true}]}}